{"id":512,"date":"2022-03-28T19:11:27","date_gmt":"2022-03-28T17:11:27","guid":{"rendered":"https:\/\/burgis.de\/gv\/?post_type=product&#038;p=512"},"modified":"2022-07-25T12:50:56","modified_gmt":"2022-07-25T10:50:56","slug":"semmel-knoedelinos","status":"publish","type":"product","link":"https:\/\/burgis.de\/gv\/produkt\/semmel-knoedelinos\/","title":{"rendered":"Semmel-Kn\u00f6delinos\u00ae"},"content":{"rendered":"<h4>Die neuen Burgis Semmel-Kn\u00f6delinos\u00ae aus der Tiefk\u00fchltruhe<\/h4>\n<ul>\n<li>Vegetarisch<\/li>\n<li>Laktosefrei<\/li>\n<li>Ohne Zusatz von Geschmacksverst\u00e4rker, lt. Handelsbrauch<\/li>\n<li>Ohne Zusatz von Farbstoffen<\/li>\n<li>Packungsinhalt: 1 kg (ca. 40 Kn\u00f6delinos \u00e0 25g)<\/li>\n<li>Art.-Nr. 500657<\/li>\n<\/ul>\n<p>Original bayerisch und jetzt auch im originellen Mini-Format. Klein, aber fein sind sie in wenigen Minuten zubereitet, gelingen garantiert und sorgen f\u00fcr den gewissen Pfiff auf jedem Tisch. Sie passen genauso zu Herzhaftem wie auch zur leichten Sommerk\u00fcche. Wunderbar w\u00fcrzig und herrlich vielseitig sind die Semmel-Kn\u00f6delinos\u00ae ideal als F\u00fcllung oder kulinarisches i-T\u00fcpfelchen leckerer Salatkreationen. Einfach magisch!<\/p>","protected":false},"excerpt":{"rendered":"<p>Fix &amp; fertig, einfach und schnell zubereitet<\/p>","protected":false},"featured_media":514,"template":"","meta":{"_acf_changed":false,"_seopress_robots_primary_cat":"none","_seopress_titles_title":"Teifk\u00fchl Semmel-Kn\u00f6delinos\u00ae | Burgis","_seopress_titles_desc":"Die neuen Burgis Semmel-Kn\u00f6delinos\u00ae aus der Tiefk\u00fchltruhe. Original bayrisch und im originellen Mini-Format f\u00fcr den ganz gro\u00dfen Geschmack. ","_seopress_robots_index":""},"product_brand":[],"product_cat":[45],"product_tag":[],"class_list":{"0":"post-512","1":"product","2":"type-product","3":"status-publish","4":"has-post-thumbnail","6":"product_cat-tiefkuehlknoedel","8":"first","9":"outofstock","10":"product-type-simple"},"acf":[],"_links":{"self":[{"href":"https:\/\/burgis.de\/gv\/wp-json\/wp\/v2\/product\/512","targetHints":{"allow":["GET"]}}],"collection":[{"href":"https:\/\/burgis.de\/gv\/wp-json\/wp\/v2\/product"}],"about":[{"href":"https:\/\/burgis.de\/gv\/wp-json\/wp\/v2\/types\/product"}],"wp:featuredmedia":[{"embeddable":true,"href":"https:\/\/burgis.de\/gv\/wp-json\/wp\/v2\/media\/514"}],"wp:attachment":[{"href":"https:\/\/burgis.de\/gv\/wp-json\/wp\/v2\/media?parent=512"}],"wp:term":[{"taxonomy":"product_brand","embeddable":true,"href":"https:\/\/burgis.de\/gv\/wp-json\/wp\/v2\/product_brand?post=512"},{"taxonomy":"product_cat","embeddable":true,"href":"https:\/\/burgis.de\/gv\/wp-json\/wp\/v2\/product_cat?post=512"},{"taxonomy":"product_tag","embeddable":true,"href":"https:\/\/burgis.de\/gv\/wp-json\/wp\/v2\/product_tag?post=512"}],"curies":[{"name":"wp","href":"https:\/\/api.w.org\/{rel}","templated":true}]}}